{"id":544,"date":"2019-09-12T20:30:53","date_gmt":"2019-09-12T18:30:53","guid":{"rendered":"http:\/\/lafabriquevegetale.fr\/?page_id=544"},"modified":"2022-04-11T16:57:36","modified_gmt":"2022-04-11T14:57:36","slug":"huiles-essentielles-hydrolats-et-eaux-florales","status":"publish","type":"page","link":"https:\/\/lafabriquevegetale.fr\/?page_id=544","title":{"rendered":"Huiles et eaux aromatiques, d\u00e9couvrez la puissance du g\u00e9nie v\u00e9g\u00e9tal\u2026une vraie qualit\u00e9."},"content":{"rendered":"\n<div class=\"wp-block-jetpack-tiled-gallery aligncenter is-style-square\"><div class=\"tiled-gallery__gallery\"><div class=\"tiled-gallery__row columns-2\"><div class=\"tiled-gallery__col\"><figure class=\"tiled-gallery__item\"><img decoding=\"async\" srcset=\"https:\/\/i2.wp.com\/lafabriquevegetale.fr\/wp-content\/uploads\/2020\/09\/20200909_095700-scaled.jpg?resize=600,600&#038;strip=info 600w,https:\/\/i2.wp.com\/lafabriquevegetale.fr\/wp-content\/uploads\/2020\/09\/20200909_095700-scaled.jpg?resize=900,900&#038;strip=info 900w,https:\/\/i2.wp.com\/lafabriquevegetale.fr\/wp-content\/uploads\/2020\/09\/20200909_095700-scaled.jpg?resize=1200,1200&#038;strip=info 1200w,https:\/\/i2.wp.com\/lafabriquevegetale.fr\/wp-content\/uploads\/2020\/09\/20200909_095700-scaled.jpg?resize=1500,1500&#038;strip=info 1500w,https:\/\/i2.wp.com\/lafabriquevegetale.fr\/wp-content\/uploads\/2020\/09\/20200909_095700-scaled.jpg?resize=1800,1800&#038;strip=info 1800w,https:\/\/i2.wp.com\/lafabriquevegetale.fr\/wp-content\/uploads\/2020\/09\/20200909_095700-scaled.jpg?resize=1920,1920&#038;strip=info 1920w\" alt=\"\" data-height=\"2560\" data-id=\"977\" data-link=\"https:\/\/lafabriquevegetale.fr\/?attachment_id=977\" data-url=\"https:\/\/lafabriquevegetale.fr\/wp-content\/uploads\/2020\/09\/20200909_095700-scaled.jpg\" data-width=\"1920\" src=\"https:\/\/i2.wp.com\/lafabriquevegetale.fr\/wp-content\/uploads\/2020\/09\/20200909_095700-scaled.jpg?resize=1920%2C1920\" data-amp-layout=\"responsive\"\/><\/figure><\/div><div class=\"tiled-gallery__col\"><figure class=\"tiled-gallery__item\"><img decoding=\"async\" srcset=\"https:\/\/i2.wp.com\/lafabriquevegetale.fr\/wp-content\/uploads\/2020\/09\/20200707_160739-scaled.jpg?resize=600,600&#038;strip=info 600w,https:\/\/i2.wp.com\/lafabriquevegetale.fr\/wp-content\/uploads\/2020\/09\/20200707_160739-scaled.jpg?resize=900,900&#038;strip=info 900w,https:\/\/i2.wp.com\/lafabriquevegetale.fr\/wp-content\/uploads\/2020\/09\/20200707_160739-scaled.jpg?resize=1200,1200&#038;strip=info 1200w,https:\/\/i2.wp.com\/lafabriquevegetale.fr\/wp-content\/uploads\/2020\/09\/20200707_160739-scaled.jpg?resize=1500,1500&#038;strip=info 1500w,https:\/\/i2.wp.com\/lafabriquevegetale.fr\/wp-content\/uploads\/2020\/09\/20200707_160739-scaled.jpg?resize=1800,1800&#038;strip=info 1800w,https:\/\/i2.wp.com\/lafabriquevegetale.fr\/wp-content\/uploads\/2020\/09\/20200707_160739-scaled.jpg?resize=1920,1920&#038;strip=info 1920w\" alt=\"\" data-height=\"2560\" data-id=\"990\" data-link=\"https:\/\/lafabriquevegetale.fr\/?attachment_id=990\" data-url=\"https:\/\/lafabriquevegetale.fr\/wp-content\/uploads\/2020\/09\/20200707_160739-scaled.jpg\" data-width=\"1920\" src=\"https:\/\/i2.wp.com\/lafabriquevegetale.fr\/wp-content\/uploads\/2020\/09\/20200707_160739-scaled.jpg?resize=1920%2C1920\" data-amp-layout=\"responsive\"\/><\/figure><\/div><\/div><div class=\"tiled-gallery__row columns-3\"><div class=\"tiled-gallery__col\"><figure class=\"tiled-gallery__item\"><img decoding=\"async\" srcset=\"https:\/\/i2.wp.com\/lafabriquevegetale.fr\/wp-content\/uploads\/2020\/09\/20200909_120046-scaled.jpg?resize=600,600&#038;strip=info 600w,https:\/\/i2.wp.com\/lafabriquevegetale.fr\/wp-content\/uploads\/2020\/09\/20200909_120046-scaled.jpg?resize=900,900&#038;strip=info 900w,https:\/\/i2.wp.com\/lafabriquevegetale.fr\/wp-content\/uploads\/2020\/09\/20200909_120046-scaled.jpg?resize=1200,1200&#038;strip=info 1200w,https:\/\/i2.wp.com\/lafabriquevegetale.fr\/wp-content\/uploads\/2020\/09\/20200909_120046-scaled.jpg?resize=1500,1500&#038;strip=info 1500w,https:\/\/i2.wp.com\/lafabriquevegetale.fr\/wp-content\/uploads\/2020\/09\/20200909_120046-scaled.jpg?resize=1800,1800&#038;strip=info 1800w,https:\/\/i2.wp.com\/lafabriquevegetale.fr\/wp-content\/uploads\/2020\/09\/20200909_120046-scaled.jpg?resize=1920,1920&#038;strip=info 1920w\" alt=\"Thymus vulgaris thujanoliferum\" data-height=\"2560\" data-id=\"982\" data-link=\"https:\/\/lafabriquevegetale.fr\/?attachment_id=982\" data-url=\"https:\/\/lafabriquevegetale.fr\/wp-content\/uploads\/2020\/09\/20200909_120046-scaled.jpg\" data-width=\"1920\" src=\"https:\/\/i2.wp.com\/lafabriquevegetale.fr\/wp-content\/uploads\/2020\/09\/20200909_120046-scaled.jpg?resize=1920%2C1920\" data-amp-layout=\"responsive\"\/><\/figure><\/div><div class=\"tiled-gallery__col\"><figure class=\"tiled-gallery__item\"><img decoding=\"async\" srcset=\"https:\/\/i0.wp.com\/lafabriquevegetale.fr\/wp-content\/uploads\/2020\/09\/20200729_122158-scaled.jpg?resize=600,600&#038;strip=info 600w,https:\/\/i0.wp.com\/lafabriquevegetale.fr\/wp-content\/uploads\/2020\/09\/20200729_122158-scaled.jpg?resize=900,900&#038;strip=info 900w,https:\/\/i0.wp.com\/lafabriquevegetale.fr\/wp-content\/uploads\/2020\/09\/20200729_122158-scaled.jpg?resize=1200,1200&#038;strip=info 1200w,https:\/\/i0.wp.com\/lafabriquevegetale.fr\/wp-content\/uploads\/2020\/09\/20200729_122158-scaled.jpg?resize=1500,1500&#038;strip=info 1500w,https:\/\/i0.wp.com\/lafabriquevegetale.fr\/wp-content\/uploads\/2020\/09\/20200729_122158-scaled.jpg?resize=1800,1800&#038;strip=info 1800w,https:\/\/i0.wp.com\/lafabriquevegetale.fr\/wp-content\/uploads\/2020\/09\/20200729_122158-scaled.jpg?resize=1920,1920&#038;strip=info 1920w\" alt=\"\" data-height=\"2560\" data-id=\"1020\" data-link=\"https:\/\/lafabriquevegetale.fr\/?attachment_id=1020\" data-url=\"https:\/\/lafabriquevegetale.fr\/wp-content\/uploads\/2020\/09\/20200729_122158-scaled.jpg\" data-width=\"1920\" src=\"https:\/\/i0.wp.com\/lafabriquevegetale.fr\/wp-content\/uploads\/2020\/09\/20200729_122158-scaled.jpg?resize=1920%2C1920\" data-amp-layout=\"responsive\"\/><\/figure><\/div><div class=\"tiled-gallery__col\"><figure class=\"tiled-gallery__item\"><img decoding=\"async\" srcset=\"https:\/\/i0.wp.com\/lafabriquevegetale.fr\/wp-content\/uploads\/2020\/09\/DSC00070-huile-essentielle-bio-thym-thujanol-sauge-sclaree-camomille-1-scaled.jpg?resize=600,600&#038;strip=info 600w,https:\/\/i0.wp.com\/lafabriquevegetale.fr\/wp-content\/uploads\/2020\/09\/DSC00070-huile-essentielle-bio-thym-thujanol-sauge-sclaree-camomille-1-scaled.jpg?resize=900,900&#038;strip=info 900w,https:\/\/i0.wp.com\/lafabriquevegetale.fr\/wp-content\/uploads\/2020\/09\/DSC00070-huile-essentielle-bio-thym-thujanol-sauge-sclaree-camomille-1-scaled.jpg?resize=1200,1200&#038;strip=info 1200w,https:\/\/i0.wp.com\/lafabriquevegetale.fr\/wp-content\/uploads\/2020\/09\/DSC00070-huile-essentielle-bio-thym-thujanol-sauge-sclaree-camomille-1-scaled.jpg?resize=1500,1500&#038;strip=info 1500w,https:\/\/i0.wp.com\/lafabriquevegetale.fr\/wp-content\/uploads\/2020\/09\/DSC00070-huile-essentielle-bio-thym-thujanol-sauge-sclaree-camomille-1-scaled.jpg?resize=1800,1800&#038;strip=info 1800w,https:\/\/i0.wp.com\/lafabriquevegetale.fr\/wp-content\/uploads\/2020\/09\/DSC00070-huile-essentielle-bio-thym-thujanol-sauge-sclaree-camomille-1-scaled.jpg?resize=2000,2000&#038;strip=info 2000w\" alt=\"\" data-height=\"2560\" data-id=\"1103\" data-link=\"https:\/\/lafabriquevegetale.fr\/?attachment_id=1103\" data-url=\"https:\/\/lafabriquevegetale.fr\/wp-content\/uploads\/2020\/09\/DSC00070-huile-essentielle-bio-thym-thujanol-sauge-sclaree-camomille-1-scaled.jpg\" data-width=\"2560\" src=\"https:\/\/i0.wp.com\/lafabriquevegetale.fr\/wp-content\/uploads\/2020\/09\/DSC00070-huile-essentielle-bio-thym-thujanol-sauge-sclaree-camomille-1-scaled.jpg?resize=2000%2C2000\" data-amp-layout=\"responsive\"\/><\/figure><\/div><\/div><\/div><\/div>\n\n\n\n<h3 class=\"has-text-align-center wp-block-heading\"><strong>Hydrolats et huiles essentielles <\/strong><\/h3>\n\n\n\n<p class=\"has-text-align-center\">Tous les hydrolats sont microfiltr\u00e9s (0,2 microns) et conditionn\u00e9s sous vide pour garantir la qualit\u00e9 sanitaire des produits. Afin de conserver de mani\u00e8re optimale, il est conseill\u00e9 de les placer \u00e0 l&rsquo;abri de la lumi\u00e8re, au frais, et entre 4\u00b0C et 6\u00b0C apr\u00e8s ouverture. les hydrolats sont des produits fragiles qu&rsquo;il faut consommer rapidement (3 mois apr\u00e8s ouverture, 1 an avant ouverture).<\/p>\n\n\n\n<p class=\"has-text-align-center\"><strong>Toutes les productions sont analys\u00e9es qualitativement<\/strong> par un laboratoire ind\u00e9pendant, sp\u00e9cialis\u00e9 en analyses physico-chimiques  des hydrolats, huiles essentielles.<\/p>\n\n\n\n<p class=\"has-text-align-center\"><span><i style=\"font-weight: bold;\">Concernant l&rsquo;usage des hydrolats et huiles essentielles, vous trouverez des r\u00e9f\u00e9rences pr\u00e9conis\u00e9es en bas de page pour l&rsquo;utilisation optimale et appropri\u00e9e de tous ces <\/i><span style=\"font-weight: 600;\"><i>\u00e9lixirs<\/i><\/span><i style=\"font-weight: bold;\">! <\/i><\/span><\/p>\n\n\n\n<h4 class=\"has-text-align-center wp-block-heading\"><strong>Hydrolat de camomille romaine<\/strong><\/h4>\n\n\n\n<div class=\"wp-block-jetpack-tiled-gallery aligncenter is-style-columns\"><div class=\"tiled-gallery__gallery\"><div class=\"tiled-gallery__row\"><div class=\"tiled-gallery__col\" style=\"flex-basis:29.61879%\"><figure class=\"tiled-gallery__item\"><img decoding=\"async\" srcset=\"https:\/\/i2.wp.com\/lafabriquevegetale.fr\/wp-content\/uploads\/2019\/08\/camomille.jpg?strip=info&#038;w=600 600w,https:\/\/i2.wp.com\/lafabriquevegetale.fr\/wp-content\/uploads\/2019\/08\/camomille.jpg?strip=info&#038;w=900 900w,https:\/\/i2.wp.com\/lafabriquevegetale.fr\/wp-content\/uploads\/2019\/08\/camomille.jpg?strip=info&#038;w=1200 1200w,https:\/\/i2.wp.com\/lafabriquevegetale.fr\/wp-content\/uploads\/2019\/08\/camomille.jpg?strip=info&#038;w=1500 1500w,https:\/\/i2.wp.com\/lafabriquevegetale.fr\/wp-content\/uploads\/2019\/08\/camomille.jpg?strip=info&#038;w=1800 1800w,https:\/\/i2.wp.com\/lafabriquevegetale.fr\/wp-content\/uploads\/2019\/08\/camomille.jpg?strip=info&#038;w=2000 2000w\" alt=\"\" data-height=\"3096\" data-id=\"506\" data-link=\"https:\/\/lafabriquevegetale.fr\/?attachment_id=506\" data-url=\"https:\/\/lafabriquevegetale.fr\/wp-content\/uploads\/2019\/08\/camomille.jpg\" data-width=\"4128\" src=\"https:\/\/i2.wp.com\/lafabriquevegetale.fr\/wp-content\/uploads\/2019\/08\/camomille.jpg\" data-amp-layout=\"responsive\"\/><\/figure><figure class=\"tiled-gallery__item\"><img decoding=\"async\" srcset=\"https:\/\/i0.wp.com\/lafabriquevegetale.fr\/wp-content\/uploads\/2019\/02\/claire.png?strip=info&#038;w=349 349w\" alt=\"\" data-height=\"286\" data-id=\"63\" data-link=\"https:\/\/lafabriquevegetale.fr\/?attachment_id=63\" data-url=\"https:\/\/lafabriquevegetale.fr\/wp-content\/uploads\/2019\/02\/claire.png\" data-width=\"349\" src=\"https:\/\/i0.wp.com\/lafabriquevegetale.fr\/wp-content\/uploads\/2019\/02\/claire.png\" data-amp-layout=\"responsive\"\/><\/figure><\/div><div class=\"tiled-gallery__col\" style=\"flex-basis:35.19061%\"><figure class=\"tiled-gallery__item\"><img decoding=\"async\" srcset=\"https:\/\/i0.wp.com\/lafabriquevegetale.fr\/wp-content\/uploads\/2020\/09\/20200909_114307-scaled.jpg?strip=info&#038;w=600 600w,https:\/\/i0.wp.com\/lafabriquevegetale.fr\/wp-content\/uploads\/2020\/09\/20200909_114307-scaled.jpg?strip=info&#038;w=900 900w,https:\/\/i0.wp.com\/lafabriquevegetale.fr\/wp-content\/uploads\/2020\/09\/20200909_114307-scaled.jpg?strip=info&#038;w=1200 1200w,https:\/\/i0.wp.com\/lafabriquevegetale.fr\/wp-content\/uploads\/2020\/09\/20200909_114307-scaled.jpg?strip=info&#038;w=1500 1500w,https:\/\/i0.wp.com\/lafabriquevegetale.fr\/wp-content\/uploads\/2020\/09\/20200909_114307-scaled.jpg?strip=info&#038;w=1800 1800w,https:\/\/i0.wp.com\/lafabriquevegetale.fr\/wp-content\/uploads\/2020\/09\/20200909_114307-scaled.jpg?strip=info&#038;w=1920 1920w\" alt=\"\" data-height=\"2560\" data-id=\"996\" data-link=\"https:\/\/lafabriquevegetale.fr\/?attachment_id=996\" data-url=\"https:\/\/lafabriquevegetale.fr\/wp-content\/uploads\/2020\/09\/20200909_114307-scaled.jpg\" data-width=\"1920\" src=\"https:\/\/i0.wp.com\/lafabriquevegetale.fr\/wp-content\/uploads\/2020\/09\/20200909_114307-scaled.jpg\" data-amp-layout=\"responsive\"\/><\/figure><\/div><div class=\"tiled-gallery__col\" style=\"flex-basis:35.19061%\"><figure class=\"tiled-gallery__item\"><img decoding=\"async\" srcset=\"https:\/\/i2.wp.com\/lafabriquevegetale.fr\/wp-content\/uploads\/2020\/09\/20200706_154137-scaled.jpg?strip=info&#038;w=600 600w,https:\/\/i2.wp.com\/lafabriquevegetale.fr\/wp-content\/uploads\/2020\/09\/20200706_154137-scaled.jpg?strip=info&#038;w=900 900w,https:\/\/i2.wp.com\/lafabriquevegetale.fr\/wp-content\/uploads\/2020\/09\/20200706_154137-scaled.jpg?strip=info&#038;w=1200 1200w,https:\/\/i2.wp.com\/lafabriquevegetale.fr\/wp-content\/uploads\/2020\/09\/20200706_154137-scaled.jpg?strip=info&#038;w=1500 1500w,https:\/\/i2.wp.com\/lafabriquevegetale.fr\/wp-content\/uploads\/2020\/09\/20200706_154137-scaled.jpg?strip=info&#038;w=1800 1800w,https:\/\/i2.wp.com\/lafabriquevegetale.fr\/wp-content\/uploads\/2020\/09\/20200706_154137-scaled.jpg?strip=info&#038;w=1920 1920w\" alt=\"\" data-height=\"2560\" data-id=\"1022\" data-link=\"https:\/\/lafabriquevegetale.fr\/?attachment_id=1022\" data-url=\"https:\/\/lafabriquevegetale.fr\/wp-content\/uploads\/2020\/09\/20200706_154137-scaled.jpg\" data-width=\"1920\" src=\"https:\/\/i2.wp.com\/lafabriquevegetale.fr\/wp-content\/uploads\/2020\/09\/20200706_154137-scaled.jpg\" data-amp-layout=\"responsive\"\/><\/figure><\/div><\/div><\/div><\/div>\n\n\n\n<div class=\"wp-block-group\"><div class=\"wp-block-group__inner-container is-layout-flow wp-block-group-is-layout-flow\">\n<ul class=\"wp-block-list\"><li><strong><em>Usage interne<\/em><\/strong> : 1 cs le matin \u00e0 jeun pendant 3 semaines<\/li><li><strong><em>Usage externe<\/em><\/strong> : en lotion tonique pour le nettoyage de la peau. <\/li><\/ul>\n\n\n\n<p><\/p>\n<\/div><\/div>\n\n\n\n<div class=\"wp-block-group\"><div class=\"wp-block-group__inner-container is-layout-flow wp-block-group-is-layout-flow\">\n<p>Son + : vous pouvez ajouter \u00e0 vos tisanes l&rsquo;hydrolat \u00e0 raison d&rsquo;une ou deux cuill\u00e8res \u00e0 caf\u00e9 par tasse. <\/p>\n<\/div><\/div>\n\n\n\n<p class=\"has-text-align-center has-very-light-gray-background-color has-background has-normal-font-size\"><span><b style=\"font-style: italic;\">Huile essentielle de camomille romaine&#8230; \u00ab\u00a0elle pourrait m\u00eame cr\u00e9er un nouveau standard en terme de douceur\u00a0\u00bb (Gr\u00e9gory &amp;Viengvilay, Maison N\u00e9roli,Paris)<\/b><\/span><\/p>\n\n\n\n<p class=\"has-text-align-center\"><em><strong>On raconte qu&rsquo;au temps des pharaons, la camomille \u00e9tait sacr\u00e9e et d\u00e9di\u00e9e au dieu \u00ab\u00a0R\u00e2\u00a0\u00bb. En Gr\u00e8ce, le grand m\u00e9decin Ascl\u00e9piade la prescrivait souvent.<\/strong><\/em><\/p>\n\n\n\n<p><\/p>\n\n\n\n<div class=\"wp-block-group\"><div class=\"wp-block-group__inner-container is-layout-flow wp-block-group-is-layout-flow\">\n<div class=\"wp-block-group\"><div class=\"wp-block-group__inner-container is-layout-flow wp-block-group-is-layout-flow\">\n<div class=\"wp-block-jetpack-tiled-gallery aligncenter is-style-circle\"><div class=\"tiled-gallery__gallery\"><div class=\"tiled-gallery__row columns-2\"><div class=\"tiled-gallery__col\"><figure class=\"tiled-gallery__item\"><img decoding=\"async\" srcset=\"https:\/\/i2.wp.com\/lafabriquevegetale.fr\/wp-content\/uploads\/2020\/09\/dieu-Ra.jpg?resize=174,174&#038;strip=info 174w\" alt=\"\" data-height=\"290\" data-id=\"1077\" data-link=\"https:\/\/lafabriquevegetale.fr\/?attachment_id=1077\" data-url=\"https:\/\/lafabriquevegetale.fr\/wp-content\/uploads\/2020\/09\/dieu-Ra.jpg\" data-width=\"174\" src=\"https:\/\/i2.wp.com\/lafabriquevegetale.fr\/wp-content\/uploads\/2020\/09\/dieu-Ra.jpg?resize=174%2C174\" data-amp-layout=\"responsive\"\/><\/figure><\/div><div class=\"tiled-gallery__col\"><figure class=\"tiled-gallery__item\"><img decoding=\"async\" srcset=\"https:\/\/i1.wp.com\/lafabriquevegetale.fr\/wp-content\/uploads\/2020\/09\/asclepiade.jpg?resize=600,600&#038;strip=info 600w,https:\/\/i1.wp.com\/lafabriquevegetale.fr\/wp-content\/uploads\/2020\/09\/asclepiade.jpg?resize=900,900&#038;strip=info 900w\" alt=\"\" data-height=\"1208\" data-id=\"1082\" data-link=\"https:\/\/lafabriquevegetale.fr\/?attachment_id=1082\" data-url=\"https:\/\/lafabriquevegetale.fr\/wp-content\/uploads\/2020\/09\/asclepiade.jpg\" data-width=\"900\" src=\"https:\/\/i1.wp.com\/lafabriquevegetale.fr\/wp-content\/uploads\/2020\/09\/asclepiade.jpg?resize=900%2C900\" data-amp-layout=\"responsive\"\/><\/figure><\/div><\/div><\/div><\/div>\n<\/div><\/div>\n<\/div><\/div>\n\n\n\n<p class=\"has-text-align-center has-normal-font-size\"><\/p>\n\n\n\n<p><\/p>\n\n\n\n<p><\/p>\n\n\n\n<div class=\"wp-block-group\"><div class=\"wp-block-group__inner-container is-layout-flow wp-block-group-is-layout-flow\">\n<figure class=\"wp-block-gallery aligncenter columns-3 is-cropped wp-block-gallery-1 is-layout-flex wp-block-gallery-is-layout-flex\"><ul class=\"blocks-gallery-grid\"><li class=\"blocks-gallery-item\"><figure><img data-recalc-dims=\"1\" loading=\"lazy\" decoding=\"async\" width=\"225\" height=\"300\" src=\"https:\/\/i0.wp.com\/lafabriquevegetale.fr\/wp-content\/uploads\/2020\/09\/20200909_114415.jpg?resize=225%2C300&#038;ssl=1\" alt=\"\" data-id=\"981\" data-full-url=\"https:\/\/lafabriquevegetale.fr\/wp-content\/uploads\/2020\/09\/20200909_114415-scaled.jpg\" data-link=\"https:\/\/lafabriquevegetale.fr\/?attachment_id=981\" class=\"wp-image-981\" srcset=\"https:\/\/i0.wp.com\/lafabriquevegetale.fr\/wp-content\/uploads\/2020\/09\/20200909_114415-scaled.jpg?resize=225%2C300&amp;ssl=1 225w, https:\/\/i0.wp.com\/lafabriquevegetale.fr\/wp-content\/uploads\/2020\/09\/20200909_114415-scaled.jpg?resize=768%2C1024&amp;ssl=1 768w, https:\/\/i0.wp.com\/lafabriquevegetale.fr\/wp-content\/uploads\/2020\/09\/20200909_114415-scaled.jpg?resize=1152%2C1536&amp;ssl=1 1152w, https:\/\/i0.wp.com\/lafabriquevegetale.fr\/wp-content\/uploads\/2020\/09\/20200909_114415-scaled.jpg?resize=1536%2C2048&amp;ssl=1 1536w, https:\/\/i0.wp.com\/lafabriquevegetale.fr\/wp-content\/uploads\/2020\/09\/20200909_114415-scaled.jpg?w=1920&amp;ssl=1 1920w, https:\/\/i0.wp.com\/lafabriquevegetale.fr\/wp-content\/uploads\/2020\/09\/20200909_114415-scaled.jpg?w=1440&amp;ssl=1 1440w\" sizes=\"auto, (max-width: 225px) 100vw, 225px\" \/><\/figure><\/li><li class=\"blocks-gallery-item\"><figure><img data-recalc-dims=\"1\" loading=\"lazy\" decoding=\"async\" width=\"300\" height=\"300\" src=\"https:\/\/i0.wp.com\/lafabriquevegetale.fr\/wp-content\/uploads\/2021\/07\/1Z9A5157.jpg?resize=300%2C300&#038;ssl=1\" alt=\"\" data-id=\"1256\" data-full-url=\"https:\/\/lafabriquevegetale.fr\/wp-content\/uploads\/2021\/07\/1Z9A5157.jpg\" data-link=\"https:\/\/lafabriquevegetale.fr\/?attachment_id=1256\" class=\"wp-image-1256\" srcset=\"https:\/\/i0.wp.com\/lafabriquevegetale.fr\/wp-content\/uploads\/2021\/07\/1Z9A5157.jpg?resize=300%2C300&amp;ssl=1 300w, https:\/\/i0.wp.com\/lafabriquevegetale.fr\/wp-content\/uploads\/2021\/07\/1Z9A5157.jpg?resize=1024%2C1024&amp;ssl=1 1024w, https:\/\/i0.wp.com\/lafabriquevegetale.fr\/wp-content\/uploads\/2021\/07\/1Z9A5157.jpg?resize=150%2C150&amp;ssl=1 150w, https:\/\/i0.wp.com\/lafabriquevegetale.fr\/wp-content\/uploads\/2021\/07\/1Z9A5157.jpg?resize=768%2C768&amp;ssl=1 768w, https:\/\/i0.wp.com\/lafabriquevegetale.fr\/wp-content\/uploads\/2021\/07\/1Z9A5157.jpg?resize=1536%2C1536&amp;ssl=1 1536w, https:\/\/i0.wp.com\/lafabriquevegetale.fr\/wp-content\/uploads\/2021\/07\/1Z9A5157.jpg?resize=2048%2C2048&amp;ssl=1 2048w, https:\/\/i0.wp.com\/lafabriquevegetale.fr\/wp-content\/uploads\/2021\/07\/1Z9A5157.jpg?resize=230%2C230&amp;ssl=1 230w, https:\/\/i0.wp.com\/lafabriquevegetale.fr\/wp-content\/uploads\/2021\/07\/1Z9A5157.jpg?resize=365%2C365&amp;ssl=1 365w, https:\/\/i0.wp.com\/lafabriquevegetale.fr\/wp-content\/uploads\/2021\/07\/1Z9A5157.jpg?resize=600%2C600&amp;ssl=1 600w, https:\/\/i0.wp.com\/lafabriquevegetale.fr\/wp-content\/uploads\/2021\/07\/1Z9A5157.jpg?resize=100%2C100&amp;ssl=1 100w, https:\/\/i0.wp.com\/lafabriquevegetale.fr\/wp-content\/uploads\/2021\/07\/1Z9A5157.jpg?w=1440&amp;ssl=1 1440w, https:\/\/i0.wp.com\/lafabriquevegetale.fr\/wp-content\/uploads\/2021\/07\/1Z9A5157.jpg?w=2160&amp;ssl=1 2160w\" sizes=\"auto, (max-width: 300px) 100vw, 300px\" \/><figcaption class=\"blocks-gallery-item__caption\"><em>Les plantes et fleurs ont \u00e9t\u00e9 cueillies et photographi\u00e9es \u00e0 La Fabrique V\u00e9g\u00e9tale<\/em><\/figcaption><\/figure><\/li><li class=\"blocks-gallery-item\"><figure><img data-recalc-dims=\"1\" loading=\"lazy\" decoding=\"async\" width=\"240\" height=\"300\" src=\"https:\/\/i0.wp.com\/lafabriquevegetale.fr\/wp-content\/uploads\/2021\/07\/HYDROLAT-CAMOMILLE-ROMAINE.jpg?resize=240%2C300&#038;ssl=1\" alt=\"\" data-id=\"1250\" data-full-url=\"https:\/\/lafabriquevegetale.fr\/wp-content\/uploads\/2021\/07\/HYDROLAT-CAMOMILLE-ROMAINE.jpg\" data-link=\"https:\/\/lafabriquevegetale.fr\/?attachment_id=1250\" class=\"wp-image-1250\" srcset=\"https:\/\/i0.wp.com\/lafabriquevegetale.fr\/wp-content\/uploads\/2021\/07\/HYDROLAT-CAMOMILLE-ROMAINE.jpg?resize=240%2C300&amp;ssl=1 240w, https:\/\/i0.wp.com\/lafabriquevegetale.fr\/wp-content\/uploads\/2021\/07\/HYDROLAT-CAMOMILLE-ROMAINE.jpg?resize=819%2C1024&amp;ssl=1 819w, https:\/\/i0.wp.com\/lafabriquevegetale.fr\/wp-content\/uploads\/2021\/07\/HYDROLAT-CAMOMILLE-ROMAINE.jpg?resize=768%2C960&amp;ssl=1 768w, https:\/\/i0.wp.com\/lafabriquevegetale.fr\/wp-content\/uploads\/2021\/07\/HYDROLAT-CAMOMILLE-ROMAINE.jpg?resize=1229%2C1536&amp;ssl=1 1229w, https:\/\/i0.wp.com\/lafabriquevegetale.fr\/wp-content\/uploads\/2021\/07\/HYDROLAT-CAMOMILLE-ROMAINE.jpg?resize=600%2C750&amp;ssl=1 600w, https:\/\/i0.wp.com\/lafabriquevegetale.fr\/wp-content\/uploads\/2021\/07\/HYDROLAT-CAMOMILLE-ROMAINE.jpg?w=1302&amp;ssl=1 1302w\" sizes=\"auto, (max-width: 240px) 100vw, 240px\" \/><\/figure><\/li><\/ul><figcaption class=\"blocks-gallery-caption\">Lisez ces quelques lignes issues de l&rsquo;analyse si pr\u00e9cieuse de la Maison N\u00e9roli <em>\u00ab\u00a0La Camomille romaine. L\u00e0, plus rien de normal&#8230;elle pourrait m\u00eame cr\u00e9er un nouveau standard en terme de douceur. Sur un touche de parfumeur, \u00e7a commence d\u00e8s l&rsquo;ouverture. Vous savez peut-\u00eatre qu&rsquo;il ya dans les belles camomilles des notes de poire. Ici \u00e7a va plus loin : on est carr\u00e9ment dans la poire cr\u00e9meuse, presque beurr\u00e9e. C&rsquo;est presque de la p\u00e2tisserie. Dans les premi\u00e8res minutes, ce c\u00f4t\u00e9 cr\u00e9meux s&rsquo;estompe un peu, on reste avec la poire, mais plus raisonnable, et on reconnait de plus en plus une magnifique camomille : subtile, complexe, et surtout particuli\u00e8rement douce. Une tr\u00e8s belle r\u00e9ussite.\u00a0\u00bb<\/em><\/figcaption><\/figure>\n<\/div><\/div>\n\n\n\n<p><\/p>\n\n\n\n<div class=\"wp-block-group\"><div class=\"wp-block-group__inner-container is-layout-flow wp-block-group-is-layout-flow\">\n<ul class=\"wp-block-list\"><li><strong><em>Usage interne<\/em><\/strong> : 2 \u00e0 4 gouttes, 2. \u00e0 3 fois par jour dans du miel, de l&rsquo;huile, sirop d&rsquo;agave ou mie de pain.<\/li><li><em><strong>Usage<\/strong><\/em><strong><em> externe<\/em><\/strong>: Diluer dans le creux de la main 1 \u00e0 2 gouttes d&rsquo;huile essentielle dans de l&rsquo;huile v\u00e9g\u00e9tale, bien m\u00e9langer avant application cutan\u00e9e. <\/li><\/ul>\n<\/div><\/div>\n\n\n\n<h4 class=\"has-text-align-center wp-block-heading\">Hydrolat de thym \u00e0 thujanol<\/h4>\n\n\n\n<p class=\"has-text-align-center has-very-light-gray-background-color has-background\"> Conditionnements des hydrolats de <strong><em>La fabrique V\u00e9g\u00e9tale<\/em><\/strong> : flacons de 125ml, 550ml et possibilit\u00e9 de conditionnement en 2,5 l.<\/p>\n\n\n\n<div class=\"wp-block-jetpack-tiled-gallery aligncenter is-style-square\"><div class=\"tiled-gallery__gallery\"><div class=\"tiled-gallery__row columns-3\"><div class=\"tiled-gallery__col\"><figure class=\"tiled-gallery__item\"><img decoding=\"async\" srcset=\"https:\/\/i0.wp.com\/lafabriquevegetale.fr\/wp-content\/uploads\/2020\/03\/thym-thujanol-5-ml.jpg?resize=360,360&#038;strip=info 360w\" alt=\"\" data-height=\"360\" data-id=\"684\" data-link=\"https:\/\/lafabriquevegetale.fr\/?attachment_id=684\" data-url=\"https:\/\/lafabriquevegetale.fr\/wp-content\/uploads\/2020\/03\/thym-thujanol-5-ml.jpg\" data-width=\"360\" src=\"https:\/\/i0.wp.com\/lafabriquevegetale.fr\/wp-content\/uploads\/2020\/03\/thym-thujanol-5-ml.jpg?resize=360%2C360\" data-amp-layout=\"responsive\"\/><\/figure><\/div><div class=\"tiled-gallery__col\"><figure class=\"tiled-gallery__item\"><img decoding=\"async\" srcset=\"https:\/\/i0.wp.com\/lafabriquevegetale.fr\/wp-content\/uploads\/2019\/09\/20190914_151804-e1568471550289.jpg?resize=600,600&#038;strip=info 600w,https:\/\/i0.wp.com\/lafabriquevegetale.fr\/wp-content\/uploads\/2019\/09\/20190914_151804-e1568471550289.jpg?resize=900,900&#038;strip=info 900w,https:\/\/i0.wp.com\/lafabriquevegetale.fr\/wp-content\/uploads\/2019\/09\/20190914_151804-e1568471550289.jpg?resize=1200,1200&#038;strip=info 1200w,https:\/\/i0.wp.com\/lafabriquevegetale.fr\/wp-content\/uploads\/2019\/09\/20190914_151804-e1568471550289.jpg?resize=1500,1500&#038;strip=info 1500w,https:\/\/i0.wp.com\/lafabriquevegetale.fr\/wp-content\/uploads\/2019\/09\/20190914_151804-e1568471550289.jpg?resize=1800,1800&#038;strip=info 1800w,https:\/\/i0.wp.com\/lafabriquevegetale.fr\/wp-content\/uploads\/2019\/09\/20190914_151804-e1568471550289.jpg?resize=2000,2000&#038;strip=info 2000w\" alt=\"\" data-height=\"4128\" data-id=\"562\" data-link=\"https:\/\/lafabriquevegetale.fr\/?attachment_id=562\" data-url=\"https:\/\/lafabriquevegetale.fr\/wp-content\/uploads\/2019\/09\/20190914_151804-e1568471550289.jpg\" data-width=\"3096\" src=\"https:\/\/i0.wp.com\/lafabriquevegetale.fr\/wp-content\/uploads\/2019\/09\/20190914_151804-e1568471550289.jpg?resize=2000%2C2000\" data-amp-layout=\"responsive\"\/><\/figure><\/div><div class=\"tiled-gallery__col\"><figure class=\"tiled-gallery__item\"><img decoding=\"async\" srcset=\"https:\/\/i0.wp.com\/lafabriquevegetale.fr\/wp-content\/uploads\/2019\/08\/thym-e1568471776232.jpg?resize=600,600&#038;strip=info 600w,https:\/\/i0.wp.com\/lafabriquevegetale.fr\/wp-content\/uploads\/2019\/08\/thym-e1568471776232.jpg?resize=900,900&#038;strip=info 900w,https:\/\/i0.wp.com\/lafabriquevegetale.fr\/wp-content\/uploads\/2019\/08\/thym-e1568471776232.jpg?resize=1200,1200&#038;strip=info 1200w,https:\/\/i0.wp.com\/lafabriquevegetale.fr\/wp-content\/uploads\/2019\/08\/thym-e1568471776232.jpg?resize=1500,1500&#038;strip=info 1500w,https:\/\/i0.wp.com\/lafabriquevegetale.fr\/wp-content\/uploads\/2019\/08\/thym-e1568471776232.jpg?resize=1800,1800&#038;strip=info 1800w,https:\/\/i0.wp.com\/lafabriquevegetale.fr\/wp-content\/uploads\/2019\/08\/thym-e1568471776232.jpg?resize=2000,2000&#038;strip=info 2000w\" alt=\"Thym \u00e0 thujanol...production de l'ann\u00e9e 2019 \u00e0 La fabrique V\u00e9g\u00e9tale!\" data-height=\"3456\" data-id=\"500\" data-link=\"https:\/\/lafabriquevegetale.fr\/?attachment_id=500\" data-url=\"https:\/\/lafabriquevegetale.fr\/wp-content\/uploads\/2019\/08\/thym-e1568471776232.jpg\" data-width=\"4608\" src=\"https:\/\/i0.wp.com\/lafabriquevegetale.fr\/wp-content\/uploads\/2019\/08\/thym-e1568471776232.jpg?resize=2000%2C2000\" data-amp-layout=\"responsive\"\/><\/figure><\/div><\/div><\/div><\/div>\n\n\n\n<ul class=\"wp-block-list\"><li><strong><em>Usage<\/em><\/strong><em><strong> interne<\/strong><\/em>  : 1 cuill\u00e8re \u00e0 caf\u00e9\/jour en cures courtes d&rsquo;une semaine \u00e0 renouveler si besoin jusqu&rsquo;\u00e0 3 semaines. En cure plus longue : 1 cuill\u00e8re \u00e0 soupe dilu\u00e9e dans un litre d&rsquo;eau \u00e0 boire pendant 21J).<\/li><li><strong><em>Usage externe<\/em><\/strong> : en lotion tonique la peau.<\/li><\/ul>\n\n\n\n<h4 class=\"has-text-align-center wp-block-heading\">Huile essentielle de thym \u00e0 thujanol<\/h4>\n\n\n\n<p class=\"has-text-align-center has-very-light-gray-background-color has-background\"><strong>Tonique, \u00e9quilibrante, harmonisante&#8230;l\u00e9g\u00e8rement citronn\u00e9e!<\/strong><\/p>\n\n\n\n<p class=\"has-text-align-center\"><em><strong>Thym \u00e0 thujanol<\/strong> (Thymus vulgaris thujanoliferum<\/em>) <\/p>\n\n\n\n<ul class=\"wp-block-list\"><li><strong><em>Usage interne<\/em><\/strong> : 2 gouttes dans du miel, de l&rsquo;huile, sirop d&rsquo;agave ou de la mie de pain 2 \u00e0 3 fois par jour.<\/li><li><em><strong>Usage externe<\/strong><\/em> : Diluer dans le creux de la main 1 goutte d&rsquo;huile essentielle dans de l&rsquo;huile v\u00e9g\u00e9tale, bien m\u00e9langer avant application cutan\u00e9e.<\/li><\/ul>\n\n\n\n<h4 class=\"has-text-align-center wp-block-heading\">Eau florale de bleuet<\/h4>\n\n\n\n<div class=\"wp-block-jetpack-tiled-gallery aligncenter is-style-rectangular\"><div class=\"tiled-gallery__gallery\"><div class=\"tiled-gallery__row\"><div class=\"tiled-gallery__col\" style=\"flex-basis:51.30308%\"><figure class=\"tiled-gallery__item\"><img decoding=\"async\" srcset=\"https:\/\/i2.wp.com\/lafabriquevegetale.fr\/wp-content\/uploads\/2019\/07\/WEBbluet.jpg?strip=info&#038;w=600 600w,https:\/\/i2.wp.com\/lafabriquevegetale.fr\/wp-content\/uploads\/2019\/07\/WEBbluet.jpg?strip=info&#038;w=900 900w,https:\/\/i2.wp.com\/lafabriquevegetale.fr\/wp-content\/uploads\/2019\/07\/WEBbluet.jpg?strip=info&#038;w=1200 1200w,https:\/\/i2.wp.com\/lafabriquevegetale.fr\/wp-content\/uploads\/2019\/07\/WEBbluet.jpg?strip=info&#038;w=1500 1500w,https:\/\/i2.wp.com\/lafabriquevegetale.fr\/wp-content\/uploads\/2019\/07\/WEBbluet.jpg?strip=info&#038;w=1520 1520w\" alt=\"\" data-height=\"1140\" data-id=\"418\" data-link=\"https:\/\/lafabriquevegetale.fr\/?attachment_id=418\" data-url=\"https:\/\/lafabriquevegetale.fr\/wp-content\/uploads\/2019\/07\/WEBbluet.jpg\" data-width=\"1520\" src=\"https:\/\/i2.wp.com\/lafabriquevegetale.fr\/wp-content\/uploads\/2019\/07\/WEBbluet.jpg\" data-amp-layout=\"responsive\"\/><\/figure><\/div><div class=\"tiled-gallery__col\" style=\"flex-basis:19.79300%\"><figure class=\"tiled-gallery__item\"><img decoding=\"async\" srcset=\"https:\/\/i1.wp.com\/lafabriquevegetale.fr\/wp-content\/uploads\/2019\/02\/bleuet.png?strip=info&#038;w=141 141w\" alt=\"\" data-height=\"275\" data-id=\"50\" data-link=\"https:\/\/lafabriquevegetale.fr\/?attachment_id=50\" data-url=\"https:\/\/lafabriquevegetale.fr\/wp-content\/uploads\/2019\/02\/bleuet.png\" data-width=\"141\" src=\"https:\/\/i1.wp.com\/lafabriquevegetale.fr\/wp-content\/uploads\/2019\/02\/bleuet.png\" data-amp-layout=\"responsive\"\/><\/figure><\/div><div class=\"tiled-gallery__col\" style=\"flex-basis:28.90393%\"><figure class=\"tiled-gallery__item\"><img decoding=\"async\" srcset=\"https:\/\/i1.wp.com\/lafabriquevegetale.fr\/wp-content\/uploads\/2020\/09\/20200908_164816-scaled.jpg?strip=info&#038;w=600 600w,https:\/\/i1.wp.com\/lafabriquevegetale.fr\/wp-content\/uploads\/2020\/09\/20200908_164816-scaled.jpg?strip=info&#038;w=900 900w,https:\/\/i1.wp.com\/lafabriquevegetale.fr\/wp-content\/uploads\/2020\/09\/20200908_164816-scaled.jpg?strip=info&#038;w=1200 1200w,https:\/\/i1.wp.com\/lafabriquevegetale.fr\/wp-content\/uploads\/2020\/09\/20200908_164816-scaled.jpg?strip=info&#038;w=1500 1500w,https:\/\/i1.wp.com\/lafabriquevegetale.fr\/wp-content\/uploads\/2020\/09\/20200908_164816-scaled.jpg?strip=info&#038;w=1800 1800w,https:\/\/i1.wp.com\/lafabriquevegetale.fr\/wp-content\/uploads\/2020\/09\/20200908_164816-scaled.jpg?strip=info&#038;w=1920 1920w\" alt=\"\" data-height=\"2560\" data-id=\"1023\" data-link=\"https:\/\/lafabriquevegetale.fr\/?attachment_id=1023\" data-url=\"https:\/\/lafabriquevegetale.fr\/wp-content\/uploads\/2020\/09\/20200908_164816-scaled.jpg\" data-width=\"1920\" src=\"https:\/\/i1.wp.com\/lafabriquevegetale.fr\/wp-content\/uploads\/2020\/09\/20200908_164816-scaled.jpg\" data-amp-layout=\"responsive\"\/><\/figure><\/div><\/div><\/div><\/div>\n\n\n\n<ul class=\"wp-block-list\"><li><strong><em>Usage externe<\/em><\/strong> : application en compresses sur les yeux ferm\u00e9s 10 \u00e0 15 min pour les yeux. Utiliser en tonique pour les peaux matures<\/li><\/ul>\n\n\n\n<h4 class=\"has-text-align-center wp-block-heading\">Hydrolat de calendula<\/h4>\n\n\n\n<div class=\"wp-block-jetpack-tiled-gallery aligncenter is-style-rectangular\"><div class=\"tiled-gallery__gallery\"><div class=\"tiled-gallery__row\"><div class=\"tiled-gallery__col\" style=\"flex-basis:63.73910%\"><figure class=\"tiled-gallery__item\"><img decoding=\"async\" srcset=\"https:\/\/i1.wp.com\/lafabriquevegetale.fr\/wp-content\/uploads\/2020\/03\/calendula.jpg?strip=info&#038;w=225 225w\" alt=\"\" data-height=\"225\" data-id=\"677\" data-link=\"https:\/\/lafabriquevegetale.fr\/?attachment_id=677\" data-url=\"https:\/\/lafabriquevegetale.fr\/wp-content\/uploads\/2020\/03\/calendula.jpg\" data-width=\"225\" src=\"https:\/\/i1.wp.com\/lafabriquevegetale.fr\/wp-content\/uploads\/2020\/03\/calendula.jpg\" data-amp-layout=\"responsive\"\/><\/figure><\/div><div class=\"tiled-gallery__col\" style=\"flex-basis:36.26090%\"><figure class=\"tiled-gallery__item\"><img decoding=\"async\" srcset=\"https:\/\/i1.wp.com\/lafabriquevegetale.fr\/wp-content\/uploads\/2019\/07\/WEBcalendula.jpg?strip=info&#038;w=600 600w,https:\/\/i1.wp.com\/lafabriquevegetale.fr\/wp-content\/uploads\/2019\/07\/WEBcalendula.jpg?strip=info&#038;w=900 900w,https:\/\/i1.wp.com\/lafabriquevegetale.fr\/wp-content\/uploads\/2019\/07\/WEBcalendula.jpg?strip=info&#038;w=1200 1200w,https:\/\/i1.wp.com\/lafabriquevegetale.fr\/wp-content\/uploads\/2019\/07\/WEBcalendula.jpg?strip=info&#038;w=1500 1500w,https:\/\/i1.wp.com\/lafabriquevegetale.fr\/wp-content\/uploads\/2019\/07\/WEBcalendula.jpg?strip=info&#038;w=1520 1520w\" alt=\"\" data-height=\"1140\" data-id=\"419\" data-link=\"https:\/\/lafabriquevegetale.fr\/?attachment_id=419\" data-url=\"https:\/\/lafabriquevegetale.fr\/wp-content\/uploads\/2019\/07\/WEBcalendula.jpg\" data-width=\"1520\" src=\"https:\/\/i1.wp.com\/lafabriquevegetale.fr\/wp-content\/uploads\/2019\/07\/WEBcalendula.jpg\" data-amp-layout=\"responsive\"\/><\/figure><figure class=\"tiled-gallery__item\"><img decoding=\"async\" srcset=\"https:\/\/i0.wp.com\/lafabriquevegetale.fr\/wp-content\/uploads\/2021\/07\/1Z9A5325.jpg?strip=info&#038;w=600 600w,https:\/\/i0.wp.com\/lafabriquevegetale.fr\/wp-content\/uploads\/2021\/07\/1Z9A5325.jpg?strip=info&#038;w=900 900w,https:\/\/i0.wp.com\/lafabriquevegetale.fr\/wp-content\/uploads\/2021\/07\/1Z9A5325.jpg?strip=info&#038;w=1200 1200w,https:\/\/i0.wp.com\/lafabriquevegetale.fr\/wp-content\/uploads\/2021\/07\/1Z9A5325.jpg?strip=info&#038;w=1500 1500w,https:\/\/i0.wp.com\/lafabriquevegetale.fr\/wp-content\/uploads\/2021\/07\/1Z9A5325.jpg?strip=info&#038;w=1800 1800w,https:\/\/i0.wp.com\/lafabriquevegetale.fr\/wp-content\/uploads\/2021\/07\/1Z9A5325.jpg?strip=info&#038;w=2000 2000w\" alt=\"\" data-height=\"2268\" data-id=\"1243\" data-link=\"https:\/\/lafabriquevegetale.fr\/?attachment_id=1243\" data-url=\"https:\/\/lafabriquevegetale.fr\/wp-content\/uploads\/2021\/07\/1Z9A5325.jpg\" data-width=\"2268\" src=\"https:\/\/i0.wp.com\/lafabriquevegetale.fr\/wp-content\/uploads\/2021\/07\/1Z9A5325.jpg\" data-amp-layout=\"responsive\"\/><\/figure><\/div><\/div><\/div><\/div>\n\n\n\n<ul class=\"wp-block-list\"><li><strong><em>Usage externe<\/em><\/strong> : application en lotion ou compresses localis\u00e9es.<\/li><\/ul>\n\n\n\n<p class=\"has-text-align-center has-white-background-color has-background has-medium-font-size\"><strong>Huile essentielle de sauge sclar\u00e9e<\/strong><\/p>\n\n\n\n<div class=\"wp-block-group\"><div class=\"wp-block-group__inner-container is-layout-flow wp-block-group-is-layout-flow\">\n<div class=\"wp-block-group alignfull\"><div class=\"wp-block-group__inner-container is-layout-flow wp-block-group-is-layout-flow\">\n<figure class=\"wp-block-gallery columns-3 is-cropped wp-block-gallery-2 is-layout-flex wp-block-gallery-is-layout-flex\"><ul class=\"blocks-gallery-grid\"><li class=\"blocks-gallery-item\"><figure><img data-recalc-dims=\"1\" loading=\"lazy\" decoding=\"async\" width=\"720\" height=\"900\" src=\"https:\/\/i0.wp.com\/lafabriquevegetale.fr\/wp-content\/uploads\/2021\/07\/1Z9A5375.jpg?resize=720%2C900&#038;ssl=1\" alt=\"\" data-id=\"1252\" data-full-url=\"https:\/\/lafabriquevegetale.fr\/wp-content\/uploads\/2021\/07\/1Z9A5375-scaled.jpg\" data-link=\"https:\/\/lafabriquevegetale.fr\/?attachment_id=1252\" class=\"wp-image-1252\" srcset=\"https:\/\/i0.wp.com\/lafabriquevegetale.fr\/wp-content\/uploads\/2021\/07\/1Z9A5375-scaled.jpg?resize=819%2C1024&amp;ssl=1 819w, https:\/\/i0.wp.com\/lafabriquevegetale.fr\/wp-content\/uploads\/2021\/07\/1Z9A5375-scaled.jpg?resize=240%2C300&amp;ssl=1 240w, https:\/\/i0.wp.com\/lafabriquevegetale.fr\/wp-content\/uploads\/2021\/07\/1Z9A5375-scaled.jpg?resize=768%2C960&amp;ssl=1 768w, https:\/\/i0.wp.com\/lafabriquevegetale.fr\/wp-content\/uploads\/2021\/07\/1Z9A5375-scaled.jpg?resize=1229%2C1536&amp;ssl=1 1229w, https:\/\/i0.wp.com\/lafabriquevegetale.fr\/wp-content\/uploads\/2021\/07\/1Z9A5375-scaled.jpg?resize=1638%2C2048&amp;ssl=1 1638w, https:\/\/i0.wp.com\/lafabriquevegetale.fr\/wp-content\/uploads\/2021\/07\/1Z9A5375-scaled.jpg?resize=600%2C750&amp;ssl=1 600w, https:\/\/i0.wp.com\/lafabriquevegetale.fr\/wp-content\/uploads\/2021\/07\/1Z9A5375-scaled.jpg?w=2048&amp;ssl=1 2048w, https:\/\/i0.wp.com\/lafabriquevegetale.fr\/wp-content\/uploads\/2021\/07\/1Z9A5375-scaled.jpg?w=1440&amp;ssl=1 1440w\" sizes=\"auto, (max-width: 720px) 100vw, 720px\" \/><figcaption class=\"blocks-gallery-item__caption\"><em>Les plantes et fleurs ont \u00e9t\u00e9 cueillies et photographi\u00e9es \u00e0 La Fabrique V\u00e9g\u00e9tale<\/em><\/figcaption><\/figure><\/li><li class=\"blocks-gallery-item\"><figure><img data-recalc-dims=\"1\" loading=\"lazy\" decoding=\"async\" width=\"720\" height=\"960\" src=\"https:\/\/i0.wp.com\/lafabriquevegetale.fr\/wp-content\/uploads\/2020\/09\/20200909_095750.jpg?resize=720%2C960&#038;ssl=1\" alt=\"\" data-id=\"1012\" data-full-url=\"https:\/\/lafabriquevegetale.fr\/wp-content\/uploads\/2020\/09\/20200909_095750-scaled.jpg\" data-link=\"https:\/\/lafabriquevegetale.fr\/?attachment_id=1012\" class=\"wp-image-1012\" srcset=\"https:\/\/i0.wp.com\/lafabriquevegetale.fr\/wp-content\/uploads\/2020\/09\/20200909_095750-scaled.jpg?resize=768%2C1024&amp;ssl=1 768w, https:\/\/i0.wp.com\/lafabriquevegetale.fr\/wp-content\/uploads\/2020\/09\/20200909_095750-scaled.jpg?resize=225%2C300&amp;ssl=1 225w, https:\/\/i0.wp.com\/lafabriquevegetale.fr\/wp-content\/uploads\/2020\/09\/20200909_095750-scaled.jpg?resize=1152%2C1536&amp;ssl=1 1152w, https:\/\/i0.wp.com\/lafabriquevegetale.fr\/wp-content\/uploads\/2020\/09\/20200909_095750-scaled.jpg?resize=1536%2C2048&amp;ssl=1 1536w, https:\/\/i0.wp.com\/lafabriquevegetale.fr\/wp-content\/uploads\/2020\/09\/20200909_095750-scaled.jpg?w=1920&amp;ssl=1 1920w, https:\/\/i0.wp.com\/lafabriquevegetale.fr\/wp-content\/uploads\/2020\/09\/20200909_095750-scaled.jpg?w=1440&amp;ssl=1 1440w\" sizes=\"auto, (max-width: 720px) 100vw, 720px\" \/><\/figure><\/li><li class=\"blocks-gallery-item\"><figure><img data-recalc-dims=\"1\" loading=\"lazy\" decoding=\"async\" width=\"720\" height=\"960\" src=\"https:\/\/i0.wp.com\/lafabriquevegetale.fr\/wp-content\/uploads\/2020\/09\/20200629_174050.jpg?resize=720%2C960&#038;ssl=1\" alt=\"\" data-id=\"1001\" data-full-url=\"https:\/\/lafabriquevegetale.fr\/wp-content\/uploads\/2020\/09\/20200629_174050-scaled.jpg\" data-link=\"https:\/\/lafabriquevegetale.fr\/?attachment_id=1001\" class=\"wp-image-1001\" srcset=\"https:\/\/i0.wp.com\/lafabriquevegetale.fr\/wp-content\/uploads\/2020\/09\/20200629_174050-scaled.jpg?resize=768%2C1024&amp;ssl=1 768w, https:\/\/i0.wp.com\/lafabriquevegetale.fr\/wp-content\/uploads\/2020\/09\/20200629_174050-scaled.jpg?resize=225%2C300&amp;ssl=1 225w, https:\/\/i0.wp.com\/lafabriquevegetale.fr\/wp-content\/uploads\/2020\/09\/20200629_174050-scaled.jpg?resize=1152%2C1536&amp;ssl=1 1152w, https:\/\/i0.wp.com\/lafabriquevegetale.fr\/wp-content\/uploads\/2020\/09\/20200629_174050-scaled.jpg?resize=1536%2C2048&amp;ssl=1 1536w, https:\/\/i0.wp.com\/lafabriquevegetale.fr\/wp-content\/uploads\/2020\/09\/20200629_174050-scaled.jpg?w=1920&amp;ssl=1 1920w, https:\/\/i0.wp.com\/lafabriquevegetale.fr\/wp-content\/uploads\/2020\/09\/20200629_174050-scaled.jpg?w=1440&amp;ssl=1 1440w\" sizes=\"auto, (max-width: 720px) 100vw, 720px\" \/><\/figure><\/li><\/ul><\/figure>\n<\/div><\/div>\n<\/div><\/div>\n\n\n\n<div class=\"wp-block-group\"><div class=\"wp-block-group__inner-container is-layout-flow wp-block-group-is-layout-flow\">\n<p class=\"has-text-align-center\"><\/p>\n<\/div><\/div>\n\n\n\n<p class=\"has-text-align-center has-background\" style=\"background-color:#eceef0\"><em><strong>Parfum chaud,\u00e9pic\u00e9&#8230;<\/strong><\/em> elle est employ\u00e9e en cosm\u00e9tologie pour son odeur d&rsquo;ambre gris et sert de parfum de support en parfumerie<\/p>\n\n\n\n<p class=\"has-text-align-center\"><strong>Sauge sclar\u00e9e<\/strong> (<em>Salvia sclarea<\/em>)<\/p>\n\n\n\n<ul class=\"wp-block-list\" id=\"block-a3e9ccbf-2c16-4cd8-b079-f494177063f2\"><li><strong><em>Usage<\/em><\/strong><em><strong> interne<\/strong><\/em>  :  Diluer 2 \u00e0 3 gouttes, 2 fois par jour dans du miel, de l&rsquo;huile v\u00e9g\u00e9tale, du sirop d&rsquo;agave ou de la mie de pain. Pendant 5 jours.<\/li><li><strong><em>Usage externe<\/em><\/strong> : Diluer dans le creux de la main 1 goutte d\u2019huile essentielle dans de l\u2019huile v\u00e9g\u00e9tale, bien m\u00e9langer avant application cutan\u00e9e.&nbsp;Des bains \u00e0 l&rsquo;huile de sauge peuvent aussi \u00eatre b\u00e9n\u00e9fiques.<\/li><\/ul>\n\n\n\n<p class=\"has-text-align-center has-medium-font-size\"><strong>Hydrolat de sauge sclar\u00e9e<\/strong><\/p>\n\n\n\n<ul class=\"wp-block-list\" id=\"block-a3e9ccbf-2c16-4cd8-b079-f494177063f2\"><li><strong><em>Usage<\/em><\/strong><em><strong> interne<\/strong><\/em>  :  1 cuill\u00e8re \u00e0 soupe dilu\u00e9e dans un litre d&rsquo;eau par jour, ou dilu\u00e9e dans une tisane (l\u00e9g\u00e8rement refroidie) ou autre boisson.  Tous les jours pendant 21J.<\/li><li><strong><em>Usage externe<\/em><\/strong> : En lotion et rin\u00e7ages \u00ab\u00a0apr\u00e8s-shampoing\u00a0\u00bb pour le cuir chevelu.<\/li><\/ul>\n\n\n\n<p><\/p>\n\n\n\n<p class=\"has-text-align-center has-luminous-vivid-orange-color has-very-light-gray-background-color has-text-color has-background has-small-font-size\">Autres hydrolats et huiles essentielles produits : immortelle d&rsquo;Italie (type corse), g\u00e9ranium rosat,  laurier noble.<\/p>\n\n\n\n<div class=\"wp-block-envira-envira-gallery\"><div id=\"envira-gallery-wrap-1261\" class=\"envira-gallery-wrap envira-gallery-theme-base envira-lightbox-theme-base\" itemscope itemtype=\"https:\/\/schema.org\/ImageGallery\"><div data-row-height=\"150\" data-gallery-theme=\"normal\" id=\"envira-gallery-1261\" class=\"envira-gallery-public envira-gallery-justified-public envira-gallery-0-columns envira-clear enviratope envira-gallery-css-animations\" data-envira-columns=\"0\"><div id=\"envira-gallery-item-1248\" class=\"envira-gallery-item enviratope-item envira-gallery-item-1 envira-lazy-load\" style=\"padding-left: 1px; padding-bottom: 1px; padding-right: 1px;\"  itemscope itemtype=\"https:\/\/schema.org\/ImageObject\"><div class=\"envira-gallery-item-inner\"><div class=\"envira-gallery-position-overlay  envira-gallery-top-left\"><\/div><div class=\"envira-gallery-position-overlay  envira-gallery-top-right\"><\/div><div class=\"envira-gallery-position-overlay  envira-gallery-bottom-left\"><\/div><div class=\"envira-gallery-position-overlay  envira-gallery-bottom-right\"><\/div><a href=\"https:\/\/i2.wp.com\/lafabriquevegetale.fr\/wp-content\/uploads\/2021\/07\/HYDROLAT-HELICRYSE.jpg?fit=1302%2C1627\" class=\"envira-gallery-1261 envira-gallery-link\" rel=\"enviragallery1261\" title=\"HYDROLAT HELICRYSE\" data-envira-caption=\"HYDROLAT HELICRYSE\" data-envira-retina=\"\" data-thumbnail=\"\"  itemprop=\"contentUrl\"><img decoding=\"async\" id=\"envira-gallery-image-1248\" class=\"envira-gallery-image envira-gallery-image-1 envira-normal envira-lazy\" data-envira-index=\"1\" src=\"https:\/\/i0.wp.com\/lafabriquevegetale.fr\/wp-content\/uploads\/2021\/07\/HYDROLAT-HELICRYSE.jpg?fit=720%2C900&#038;ssl=1\" data-envira-src=\"https:\/\/i0.wp.com\/lafabriquevegetale.fr\/wp-content\/uploads\/2021\/07\/HYDROLAT-HELICRYSE.jpg?fit=720%2C900&#038;ssl=1\" data-envira-gallery-id=\"1261\" data-envira-item-id=\"1248\" data-envira-caption=\"HYDROLAT HELICRYSE\" alt=\"\" title=\"HYDROLAT HELICRYSE\"  itemprop=\"thumbnailUrl\" data-envira-srcset=\"https:\/\/i0.wp.com\/lafabriquevegetale.fr\/wp-content\/uploads\/2021\/07\/HYDROLAT-HELICRYSE.jpg?fit=720%2C900&#038;ssl=1 400w,https:\/\/i0.wp.com\/lafabriquevegetale.fr\/wp-content\/uploads\/2021\/07\/HYDROLAT-HELICRYSE.jpg?fit=720%2C900&#038;ssl=1 2x\" data-envira-width=\"240\" data-envira-height=\"300\" srcset=\"data:image\/gif;base64,R0lGODlhAQABAIAAAP\/\/\/\/\/\/\/yH5BAEKAAEALAAAAAABAAEAAAICTAEAOw==\" data-safe-src=\"data:image\/gif;base64,R0lGODlhAQABAIAAAP\/\/\/\/\/\/\/yH5BAEKAAEALAAAAAABAAEAAAICTAEAOw==\" \/><\/a><\/div><\/div><div id=\"envira-gallery-item-1245\" class=\"envira-gallery-item enviratope-item envira-gallery-item-2 envira-lazy-load\" style=\"padding-left: 1px; padding-bottom: 1px; padding-right: 1px;\"  itemscope itemtype=\"https:\/\/schema.org\/ImageObject\"><div class=\"envira-gallery-item-inner\"><div class=\"envira-gallery-position-overlay  envira-gallery-top-left\"><\/div><div class=\"envira-gallery-position-overlay  envira-gallery-top-right\"><\/div><div class=\"envira-gallery-position-overlay  envira-gallery-bottom-left\"><\/div><div class=\"envira-gallery-position-overlay  envira-gallery-bottom-right\"><\/div><a href=\"https:\/\/i0.wp.com\/lafabriquevegetale.fr\/wp-content\/uploads\/2021\/07\/1Z9A5207.jpg?fit=2268%2C2268\" class=\"envira-gallery-1261 envira-gallery-link\" rel=\"enviragallery1261\" title=\"1Z9A5207\" data-envira-caption=\"1Z9A5207\" data-envira-retina=\"\" data-thumbnail=\"\"  itemprop=\"contentUrl\"><img decoding=\"async\" id=\"envira-gallery-image-1245\" class=\"envira-gallery-image envira-gallery-image-2 envira-normal envira-lazy\" data-envira-index=\"2\" src=\"https:\/\/i0.wp.com\/lafabriquevegetale.fr\/wp-content\/uploads\/2021\/07\/1Z9A5207.jpg?fit=720%2C720&#038;ssl=1\" data-envira-src=\"https:\/\/i0.wp.com\/lafabriquevegetale.fr\/wp-content\/uploads\/2021\/07\/1Z9A5207.jpg?fit=720%2C720&#038;ssl=1\" data-envira-gallery-id=\"1261\" data-envira-item-id=\"1245\" data-envira-caption=\"1Z9A5207\" alt=\"\" title=\"1Z9A5207\"  itemprop=\"thumbnailUrl\" data-envira-srcset=\"https:\/\/i0.wp.com\/lafabriquevegetale.fr\/wp-content\/uploads\/2021\/07\/1Z9A5207.jpg?fit=720%2C720&#038;ssl=1 400w,https:\/\/i0.wp.com\/lafabriquevegetale.fr\/wp-content\/uploads\/2021\/07\/1Z9A5207.jpg?fit=720%2C720&#038;ssl=1 2x\" data-envira-width=\"300\" data-envira-height=\"300\" srcset=\"data:image\/gif;base64,R0lGODlhAQABAIAAAP\/\/\/\/\/\/\/yH5BAEKAAEALAAAAAABAAEAAAICTAEAOw==\" data-safe-src=\"data:image\/gif;base64,R0lGODlhAQABAIAAAP\/\/\/\/\/\/\/yH5BAEKAAEALAAAAAABAAEAAAICTAEAOw==\" \/><\/a><\/div><\/div><div id=\"envira-gallery-item-1253\" class=\"envira-gallery-item enviratope-item envira-gallery-item-3 envira-lazy-load\" style=\"padding-left: 1px; padding-bottom: 1px; padding-right: 1px;\"  itemscope itemtype=\"https:\/\/schema.org\/ImageObject\"><div class=\"envira-gallery-item-inner\"><div class=\"envira-gallery-position-overlay  envira-gallery-top-left\"><\/div><div class=\"envira-gallery-position-overlay  envira-gallery-top-right\"><\/div><div class=\"envira-gallery-position-overlay  envira-gallery-bottom-left\"><\/div><div class=\"envira-gallery-position-overlay  envira-gallery-bottom-right\"><\/div><a href=\"https:\/\/i2.wp.com\/lafabriquevegetale.fr\/wp-content\/uploads\/2021\/07\/1Z9A5466-scaled.jpg?fit=2048%2C2560\" class=\"envira-gallery-1261 envira-gallery-link\" rel=\"enviragallery1261\" title=\"1Z9A5466\" data-envira-caption=\"1Z9A5466\" data-envira-retina=\"\" data-thumbnail=\"\"  itemprop=\"contentUrl\"><img decoding=\"async\" id=\"envira-gallery-image-1253\" class=\"envira-gallery-image envira-gallery-image-3 envira-normal envira-lazy\" data-envira-index=\"3\" src=\"https:\/\/i0.wp.com\/lafabriquevegetale.fr\/wp-content\/uploads\/2021\/07\/1Z9A5466-scaled.jpg?fit=720%2C900&#038;ssl=1\" data-envira-src=\"https:\/\/i0.wp.com\/lafabriquevegetale.fr\/wp-content\/uploads\/2021\/07\/1Z9A5466-scaled.jpg?fit=720%2C900&#038;ssl=1\" data-envira-gallery-id=\"1261\" data-envira-item-id=\"1253\" data-envira-caption=\"1Z9A5466\" alt=\"\" title=\"1Z9A5466\"  itemprop=\"thumbnailUrl\" data-envira-srcset=\"https:\/\/i0.wp.com\/lafabriquevegetale.fr\/wp-content\/uploads\/2021\/07\/1Z9A5466-scaled.jpg?fit=720%2C900&#038;ssl=1 400w,https:\/\/i0.wp.com\/lafabriquevegetale.fr\/wp-content\/uploads\/2021\/07\/1Z9A5466-scaled.jpg?fit=720%2C900&#038;ssl=1 2x\" data-envira-width=\"240\" data-envira-height=\"300\" srcset=\"data:image\/gif;base64,R0lGODlhAQABAIAAAP\/\/\/\/\/\/\/yH5BAEKAAEALAAAAAABAAEAAAICTAEAOw==\" data-safe-src=\"data:image\/gif;base64,R0lGODlhAQABAIAAAP\/\/\/\/\/\/\/yH5BAEKAAEALAAAAAABAAEAAAICTAEAOw==\" \/><\/a><\/div><\/div><div id=\"envira-gallery-item-1249\" class=\"envira-gallery-item enviratope-item envira-gallery-item-4 envira-lazy-load\" style=\"padding-left: 1px; padding-bottom: 1px; padding-right: 1px;\"  itemscope itemtype=\"https:\/\/schema.org\/ImageObject\"><div class=\"envira-gallery-item-inner\"><div class=\"envira-gallery-position-overlay  envira-gallery-top-left\"><\/div><div class=\"envira-gallery-position-overlay  envira-gallery-top-right\"><\/div><div class=\"envira-gallery-position-overlay  envira-gallery-bottom-left\"><\/div><div class=\"envira-gallery-position-overlay  envira-gallery-bottom-right\"><\/div><a href=\"https:\/\/i0.wp.com\/lafabriquevegetale.fr\/wp-content\/uploads\/2021\/07\/HYDROLAT-LAURIER.jpg?fit=1302%2C1627\" class=\"envira-gallery-1261 envira-gallery-link\" rel=\"enviragallery1261\" title=\"HYDROLAT LAURIER\" data-envira-caption=\"HYDROLAT LAURIER\" data-envira-retina=\"\" data-thumbnail=\"\"  itemprop=\"contentUrl\"><img decoding=\"async\" id=\"envira-gallery-image-1249\" class=\"envira-gallery-image envira-gallery-image-4 envira-normal envira-lazy\" data-envira-index=\"4\" src=\"https:\/\/i0.wp.com\/lafabriquevegetale.fr\/wp-content\/uploads\/2021\/07\/HYDROLAT-LAURIER.jpg?fit=720%2C900&#038;ssl=1\" data-envira-src=\"https:\/\/i0.wp.com\/lafabriquevegetale.fr\/wp-content\/uploads\/2021\/07\/HYDROLAT-LAURIER.jpg?fit=720%2C900&#038;ssl=1\" data-envira-gallery-id=\"1261\" data-envira-item-id=\"1249\" data-envira-caption=\"HYDROLAT LAURIER\" alt=\"\" title=\"HYDROLAT LAURIER\"  itemprop=\"thumbnailUrl\" data-envira-srcset=\"https:\/\/i0.wp.com\/lafabriquevegetale.fr\/wp-content\/uploads\/2021\/07\/HYDROLAT-LAURIER.jpg?fit=720%2C900&#038;ssl=1 400w,https:\/\/i0.wp.com\/lafabriquevegetale.fr\/wp-content\/uploads\/2021\/07\/HYDROLAT-LAURIER.jpg?fit=720%2C900&#038;ssl=1 2x\" data-envira-width=\"240\" data-envira-height=\"300\" srcset=\"data:image\/gif;base64,R0lGODlhAQABAIAAAP\/\/\/\/\/\/\/yH5BAEKAAEALAAAAAABAAEAAAICTAEAOw==\" data-safe-src=\"data:image\/gif;base64,R0lGODlhAQABAIAAAP\/\/\/\/\/\/\/yH5BAEKAAEALAAAAAABAAEAAAICTAEAOw==\" \/><\/a><\/div><\/div><div id=\"envira-gallery-item-1259\" class=\"envira-gallery-item enviratope-item envira-gallery-item-5 envira-lazy-load\" style=\"padding-left: 1px; padding-bottom: 1px; padding-right: 1px;\"  itemscope itemtype=\"https:\/\/schema.org\/ImageObject\"><div class=\"envira-gallery-item-inner\"><div class=\"envira-gallery-position-overlay  envira-gallery-top-left\"><\/div><div class=\"envira-gallery-position-overlay  envira-gallery-top-right\"><\/div><div class=\"envira-gallery-position-overlay  envira-gallery-bottom-left\"><\/div><div class=\"envira-gallery-position-overlay  envira-gallery-bottom-right\"><\/div><a href=\"https:\/\/i0.wp.com\/lafabriquevegetale.fr\/wp-content\/uploads\/2021\/07\/1Z9A5652-scaled.jpg?fit=2048%2C2560\" class=\"envira-gallery-1261 envira-gallery-link\" rel=\"enviragallery1261\" title=\"1Z9A5652\" data-envira-caption=\"1Z9A5652\" data-envira-retina=\"\" data-thumbnail=\"\"  itemprop=\"contentUrl\"><img decoding=\"async\" id=\"envira-gallery-image-1259\" class=\"envira-gallery-image envira-gallery-image-5 envira-normal envira-lazy\" data-envira-index=\"5\" src=\"https:\/\/i0.wp.com\/lafabriquevegetale.fr\/wp-content\/uploads\/2021\/07\/1Z9A5652-scaled.jpg?fit=720%2C900&#038;ssl=1\" data-envira-src=\"https:\/\/i0.wp.com\/lafabriquevegetale.fr\/wp-content\/uploads\/2021\/07\/1Z9A5652-scaled.jpg?fit=720%2C900&#038;ssl=1\" data-envira-gallery-id=\"1261\" data-envira-item-id=\"1259\" data-envira-caption=\"1Z9A5652\" alt=\"\" title=\"1Z9A5652\"  itemprop=\"thumbnailUrl\" data-envira-srcset=\"https:\/\/i0.wp.com\/lafabriquevegetale.fr\/wp-content\/uploads\/2021\/07\/1Z9A5652-scaled.jpg?fit=720%2C900&#038;ssl=1 400w,https:\/\/i0.wp.com\/lafabriquevegetale.fr\/wp-content\/uploads\/2021\/07\/1Z9A5652-scaled.jpg?fit=720%2C900&#038;ssl=1 2x\" data-envira-width=\"240\" data-envira-height=\"300\" srcset=\"data:image\/gif;base64,R0lGODlhAQABAIAAAP\/\/\/\/\/\/\/yH5BAEKAAEALAAAAAABAAEAAAICTAEAOw==\" data-safe-src=\"data:image\/gif;base64,R0lGODlhAQABAIAAAP\/\/\/\/\/\/\/yH5BAEKAAEALAAAAAABAAEAAAICTAEAOw==\" \/><\/a><\/div><\/div><\/div><\/div><noscript><img decoding=\"async\" src=\"https:\/\/i0.wp.com\/lafabriquevegetale.fr\/wp-content\/uploads\/2021\/07\/HYDROLAT-HELICRYSE.jpg?fit=1302%2C1627&#038;ssl=1\" alt=\"\" \/><img decoding=\"async\" src=\"https:\/\/i0.wp.com\/lafabriquevegetale.fr\/wp-content\/uploads\/2021\/07\/1Z9A5207.jpg?fit=2268%2C2268&#038;ssl=1\" alt=\"\" \/><img decoding=\"async\" src=\"https:\/\/i0.wp.com\/lafabriquevegetale.fr\/wp-content\/uploads\/2021\/07\/1Z9A5466-scaled.jpg?fit=2048%2C2560&#038;ssl=1\" alt=\"\" \/><img decoding=\"async\" src=\"https:\/\/i0.wp.com\/lafabriquevegetale.fr\/wp-content\/uploads\/2021\/07\/HYDROLAT-LAURIER.jpg?fit=1302%2C1627&#038;ssl=1\" alt=\"\" \/><img decoding=\"async\" src=\"https:\/\/i0.wp.com\/lafabriquevegetale.fr\/wp-content\/uploads\/2021\/07\/1Z9A5652-scaled.jpg?fit=2048%2C2560&#038;ssl=1\" alt=\"\" \/><\/noscript><\/div>\n\n\n\n<p class=\"has-text-align-center has-luminous-vivid-orange-color has-very-light-gray-background-color has-text-color has-background has-small-font-size\"><strong>Toutes les productions sont analys\u00e9es qualitativement<\/strong> par un laboratoire ind\u00e9pendant, sp\u00e9cialis\u00e9 en analyses physico-chimiques des hydrolats, eaux florales et huiles essentielles.<\/p>\n\n\n\n<p> <\/p>\n\n\n\n<p class=\"has-text-align-center\"><strong>R\u00e9f\u00e9rences<\/strong> : <em>hydrolats et eaux florales, vertus et applications; X.fernandez, C.Andr\u00e9, A.Casale; Vuibert (2014). Eaux florales et Hydrolats; Claire Mont\u00e9sinos; Le Souffle d&rsquo;Or (2013). Trait\u00e9 d&rsquo;aromath\u00e9rapie scientifique et m\u00e9dicale : LES HYDROLATS; Michel Faucon; Sang de la Terre (2018). L&rsquo;aromath\u00e9rapie exactement; Encyclop\u00e9die de l&rsquo;utilisation th\u00e9rapeutique des extraits aromatiques; P.Franchomme, R.Jollois, D.P\u00e9no\u00ebl; Roger Jolis (2001). L&rsquo;aromath\u00e9rapie, Se soigner par les huiles essentielle; Dr Jean Valnet; Poche (revue 2014).  <\/em><\/p>\n","protected":false},"excerpt":{"rendered":"<p>Hydrolats et huiles essentielles Tous les hydrolats sont microfiltr\u00e9s (0,2 microns) et conditionn\u00e9s sous vide pour garantir la qualit\u00e9 sanitaire des produits. Afin de conserver de mani\u00e8re optimale, il est conseill\u00e9 de les placer \u00e0 l&rsquo;abri de la lumi\u00e8re, au<\/p>\n","protected":false},"author":2,"featured_media":0,"parent":0,"menu_order":-3,"comment_status":"closed","ping_status":"closed","template":"","meta":{"footnotes":""},"class_list":["post-544","page","type-page","status-publish","hentry"],"jetpack_sharing_enabled":true,"_links":{"self":[{"href":"https:\/\/lafabriquevegetale.fr\/index.php?rest_route=\/wp\/v2\/pages\/544","targetHints":{"allow":["GET"]}}],"collection":[{"href":"https:\/\/lafabriquevegetale.fr\/index.php?rest_route=\/wp\/v2\/pages"}],"about":[{"href":"https:\/\/lafabriquevegetale.fr\/index.php?rest_route=\/wp\/v2\/types\/page"}],"author":[{"embeddable":true,"href":"https:\/\/lafabriquevegetale.fr\/index.php?rest_route=\/wp\/v2\/users\/2"}],"replies":[{"embeddable":true,"href":"https:\/\/lafabriquevegetale.fr\/index.php?rest_route=%2Fwp%2Fv2%2Fcomments&post=544"}],"version-history":[{"count":61,"href":"https:\/\/lafabriquevegetale.fr\/index.php?rest_route=\/wp\/v2\/pages\/544\/revisions"}],"predecessor-version":[{"id":1457,"href":"https:\/\/lafabriquevegetale.fr\/index.php?rest_route=\/wp\/v2\/pages\/544\/revisions\/1457"}],"wp:attachment":[{"href":"https:\/\/lafabriquevegetale.fr\/index.php?rest_route=%2Fwp%2Fv2%2Fmedia&parent=544"}],"curies":[{"name":"wp","href":"https:\/\/api.w.org\/{rel}","templated":true}]}}