{"id":220,"date":"2019-03-18T00:06:28","date_gmt":"2019-03-17T23:06:28","guid":{"rendered":"http:\/\/lafabriquevegetale.fr\/?page_id=220"},"modified":"2023-12-11T10:00:48","modified_gmt":"2023-12-11T09:00:48","slug":"huile-de-chanvre","status":"publish","type":"page","link":"https:\/\/lafabriquevegetale.fr\/?page_id=220","title":{"rendered":"Huile de chanvre"},"content":{"rendered":"<p><img data-recalc-dims=\"1\" loading=\"lazy\" decoding=\"async\" class=\"wp-image-1514 aligncenter\" src=\"https:\/\/i0.wp.com\/lafabriquevegetale.fr\/wp-content\/uploads\/2023\/12\/DSC03723.jpg?resize=423%2C318&#038;ssl=1\" alt=\"\" width=\"423\" height=\"318\" srcset=\"https:\/\/i0.wp.com\/lafabriquevegetale.fr\/wp-content\/uploads\/2023\/12\/DSC03723-scaled.jpg?resize=300%2C225&amp;ssl=1 300w, https:\/\/i0.wp.com\/lafabriquevegetale.fr\/wp-content\/uploads\/2023\/12\/DSC03723-scaled.jpg?resize=1024%2C768&amp;ssl=1 1024w, https:\/\/i0.wp.com\/lafabriquevegetale.fr\/wp-content\/uploads\/2023\/12\/DSC03723-scaled.jpg?resize=768%2C576&amp;ssl=1 768w, https:\/\/i0.wp.com\/lafabriquevegetale.fr\/wp-content\/uploads\/2023\/12\/DSC03723-scaled.jpg?resize=1536%2C1152&amp;ssl=1 1536w, https:\/\/i0.wp.com\/lafabriquevegetale.fr\/wp-content\/uploads\/2023\/12\/DSC03723-scaled.jpg?resize=2048%2C1536&amp;ssl=1 2048w, https:\/\/i0.wp.com\/lafabriquevegetale.fr\/wp-content\/uploads\/2023\/12\/DSC03723-scaled.jpg?resize=600%2C450&amp;ssl=1 600w, https:\/\/i0.wp.com\/lafabriquevegetale.fr\/wp-content\/uploads\/2023\/12\/DSC03723-scaled.jpg?w=1440&amp;ssl=1 1440w, https:\/\/i0.wp.com\/lafabriquevegetale.fr\/wp-content\/uploads\/2023\/12\/DSC03723-scaled.jpg?w=2160&amp;ssl=1 2160w\" sizes=\"auto, (max-width: 423px) 100vw, 423px\" \/><\/p>\n<p align=\"JUSTIFY\">La culture du chanvre accompagne l&rsquo;esp\u00e8ce humaine depuis le n\u00e9olithique, cette plante <em>Cannabis sativa <\/em>\u00e0 de nombreuses propri\u00e9t\u00e9s qui ont toujours int\u00e9ress\u00e9es l&rsquo;homme. Sa tige \u00e0 la fibre tr\u00e8s longue et solide l&rsquo;a plac\u00e9e comme plante strat\u00e9gique pour de nombreuses puissances occidentales et orientales qui l&rsquo;utilisaient pour faire des cordages, des voiles de navires, des sacs, des v\u00eatements&#8230; Sa fleur tr\u00e8s riche en THC (Tetrahydrocannabinol) \u00e9tait et est toujours utilis\u00e9e comme psychotrope et dans la m\u00e9decine. Enfin, la graine (ch\u00e8nevis) riche en prot\u00e9ines et en acides gras que l&rsquo;on utilisait tr\u00e8s couramment dans l&rsquo;alimentation jusqu&rsquo;au XIX\u00e8me si\u00e8cle, est toujours utilis\u00e9e de nos jours pour ces propri\u00e9t\u00e9s int\u00e9ressantes.<\/p>\n<p align=\"JUSTIFY\">Nous semons une vari\u00e9t\u00e9 s\u00e9lectionn\u00e9e pour produire une plante avec de belles inflorescences qui donnerons beaucoup de graines (ch\u00e8nevis). Cette vari\u00e9t\u00e9 a la particularit\u00e9 de ne contenir qu&rsquo;une infime quantit\u00e9 de THC dans son inflorescence. Ceci est la condition pour cultiver cette plante tr\u00e8s r\u00e9glement\u00e9e par les pouvoirs publics. Nous pr\u00e9cisons que la graine que nous pressons comme toutes les graines de chanvre (m\u00eame ceux contenant beaucoup de THC dans leurs inflorescence) ne contient pas du tout de substance psychotrope.<\/p>\n<p align=\"JUSTIFY\">Le CHANVRE fait donc partie de notre rotation de culture en bio car en plus de nous apporter sa r\u00e9colte pr\u00e9cieuse en graines, elle nous permet d&rsquo;enrichir la diversit\u00e9 de familles v\u00e9g\u00e9tales dans la succession de nos cultures ainsi que de varier le cycle principal de notre assolement.<\/p>\n<figure id=\"attachment_1513\" aria-describedby=\"caption-attachment-1513\" style=\"width: 300px\" class=\"wp-caption alignright\"><img data-recalc-dims=\"1\" loading=\"lazy\" decoding=\"async\" class=\"size-medium wp-image-1513\" src=\"https:\/\/i0.wp.com\/lafabriquevegetale.fr\/wp-content\/uploads\/2023\/12\/DSC03726.jpg?resize=300%2C225&#038;ssl=1\" alt=\"\" width=\"300\" height=\"225\" srcset=\"https:\/\/i0.wp.com\/lafabriquevegetale.fr\/wp-content\/uploads\/2023\/12\/DSC03726-scaled.jpg?resize=300%2C225&amp;ssl=1 300w, https:\/\/i0.wp.com\/lafabriquevegetale.fr\/wp-content\/uploads\/2023\/12\/DSC03726-scaled.jpg?resize=1024%2C768&amp;ssl=1 1024w, https:\/\/i0.wp.com\/lafabriquevegetale.fr\/wp-content\/uploads\/2023\/12\/DSC03726-scaled.jpg?resize=768%2C576&amp;ssl=1 768w, https:\/\/i0.wp.com\/lafabriquevegetale.fr\/wp-content\/uploads\/2023\/12\/DSC03726-scaled.jpg?resize=1536%2C1152&amp;ssl=1 1536w, https:\/\/i0.wp.com\/lafabriquevegetale.fr\/wp-content\/uploads\/2023\/12\/DSC03726-scaled.jpg?resize=2048%2C1536&amp;ssl=1 2048w, https:\/\/i0.wp.com\/lafabriquevegetale.fr\/wp-content\/uploads\/2023\/12\/DSC03726-scaled.jpg?resize=600%2C450&amp;ssl=1 600w, https:\/\/i0.wp.com\/lafabriquevegetale.fr\/wp-content\/uploads\/2023\/12\/DSC03726-scaled.jpg?w=1440&amp;ssl=1 1440w, https:\/\/i0.wp.com\/lafabriquevegetale.fr\/wp-content\/uploads\/2023\/12\/DSC03726-scaled.jpg?w=2160&amp;ssl=1 2160w\" sizes=\"auto, (max-width: 300px) 100vw, 300px\" \/><figcaption id=\"caption-attachment-1513\" class=\"wp-caption-text\">Le chanvre est une plante tr\u00e8s concurrentielle qui a tout son int\u00e9r\u00eat dans notre rotation de cultures.<\/figcaption><\/figure>\n<p align=\"JUSTIFY\">Sem\u00e9 quand les terres sont suffisamment chaudes au printemps, nous r\u00e9coltons en septembre. Le cycle estival et la vigueur de la plante sont particuli\u00e8rement int\u00e9ressants pour contr\u00f4ler les plantes adventices (\u00ab\u00a0mauvaises herbes\u00a0\u00bb) qui se seraient install\u00e9es lors des cultures d&rsquo;hiver les ann\u00e9es pr\u00e9c\u00e9dentes (bl\u00e9, seigle, colza).<\/p>\n<p align=\"JUSTIFY\">L&rsquo;extraction \u00e0 froid et l&rsquo;absence de filtration permet de conserver toute la saveur ronde et douce de cette huile \u00e0 la couleur \u00e9meraude. Son odeur de fruits \u00e0 coque et sa saveur pouvant rappeler celle de la noisette. La graine tr\u00e8s riche contient de nombreuses prot\u00e9ines, acides gras qui lui ont donn\u00e9s sa r\u00e9putation de plante \u00e9quilibrante.<\/p>\n<p align=\"JUSTIFY\">Composition de l&rsquo;huile de chanvre<\/p>\n<p align=\"JUSTIFY\">10\u00a0 % d&rsquo;acides gras satur\u00e9s<br \/>\n13\u00a0 % d&rsquo;acides gras mono-insatur\u00e9s (AGMI)<br \/>\n77\u00a0 % d&rsquo;acides gras poly-insatur\u00e9s (AGPI) dont 59,5\u00a0 % d&rsquo;om\u00e9ga 6 (acide linol\u00e9ique) et 17,5\u00a0 % d&rsquo;om\u00e9ga-3\u00a0 (acide gamma linol\u00e9nique en majorit\u00e9, acide st\u00e9aridonique)<br \/>\nOn y trouve des\u00a0 vitamines\u00a0 du groupe B (hydrophiles) et de la vitamine E (lipophile). Elle est aussi tr\u00e8s digeste.<\/p>\n","protected":false},"excerpt":{"rendered":"<p>La culture du chanvre accompagne l&rsquo;esp\u00e8ce humaine depuis le n\u00e9olithique, cette plante Cannabis sativa \u00e0 de nombreuses propri\u00e9t\u00e9s qui ont toujours int\u00e9ress\u00e9es l&rsquo;homme. Sa tige \u00e0 la fibre tr\u00e8s longue et solide l&rsquo;a plac\u00e9e comme plante strat\u00e9gique pour de nombreuses<\/p>\n","protected":false},"author":2,"featured_media":0,"parent":85,"menu_order":3,"comment_status":"closed","ping_status":"closed","template":"","meta":{"footnotes":""},"class_list":["post-220","page","type-page","status-publish","hentry"],"jetpack_sharing_enabled":true,"_links":{"self":[{"href":"https:\/\/lafabriquevegetale.fr\/index.php?rest_route=\/wp\/v2\/pages\/220","targetHints":{"allow":["GET"]}}],"collection":[{"href":"https:\/\/lafabriquevegetale.fr\/index.php?rest_route=\/wp\/v2\/pages"}],"about":[{"href":"https:\/\/lafabriquevegetale.fr\/index.php?rest_route=\/wp\/v2\/types\/page"}],"author":[{"embeddable":true,"href":"https:\/\/lafabriquevegetale.fr\/index.php?rest_route=\/wp\/v2\/users\/2"}],"replies":[{"embeddable":true,"href":"https:\/\/lafabriquevegetale.fr\/index.php?rest_route=%2Fwp%2Fv2%2Fcomments&post=220"}],"version-history":[{"count":10,"href":"https:\/\/lafabriquevegetale.fr\/index.php?rest_route=\/wp\/v2\/pages\/220\/revisions"}],"predecessor-version":[{"id":1515,"href":"https:\/\/lafabriquevegetale.fr\/index.php?rest_route=\/wp\/v2\/pages\/220\/revisions\/1515"}],"up":[{"embeddable":true,"href":"https:\/\/lafabriquevegetale.fr\/index.php?rest_route=\/wp\/v2\/pages\/85"}],"wp:attachment":[{"href":"https:\/\/lafabriquevegetale.fr\/index.php?rest_route=%2Fwp%2Fv2%2Fmedia&parent=220"}],"curies":[{"name":"wp","href":"https:\/\/api.w.org\/{rel}","templated":true}]}}